{"id":19669,"date":"2024-11-06T22:04:49","date_gmt":"2024-11-06T21:04:49","guid":{"rendered":"https:\/\/elportillodecoracion.es\/?post_type=product&#038;p=19669"},"modified":"2024-12-03T12:58:16","modified_gmt":"2024-12-03T11:58:16","slug":"lampara-colgante-pamela","status":"publish","type":"product","link":"https:\/\/elportillodecoracion.es\/en\/tienda\/lampara-colgante-pamela\/","title":{"rendered":"LAMPARA COLGANTE PAMELA"},"content":{"rendered":"","protected":false},"excerpt":{"rendered":"<p>Enamorados por el aspecto natural y atemporal de la l\u00e1mpara colgante PAMELa. Realizada en suave trenzado de YUTE es Como una invitaci\u00f3n a viajar, aportar\u00e1 un toque ex\u00f3tico y relajante a tu hogar, para sentirte como en lugares lejanos, as\u00ed que en El Portillo la ubicamos en el Estilo Natural y por supuesto, en Estilo Wild Jungle.<\/p>\n<ul class=\"c-table-specs js-details-features\">\n<li class=\"c-table-specs__row\" data-feature-id=\"18\" data-feature-value-id=\"983400\"><span class=\"c-table-specs__cell  c-table-specs__cell--spec\">Material: Yute, hierro\u00a0<\/span><\/li>\n<li data-feature-id=\"18\" data-feature-value-id=\"983400\">Color: natural, y cadena de hierro marr\u00f3n<\/li>\n<li data-feature-id=\"18\" data-feature-value-id=\"983400\">Medida: \u2300 63 x 19 cm<\/li>\n<li class=\"c-table-specs__row\" data-feature-id=\"25\" data-feature-value-id=\"124757\"><span class=\"c-table-specs__cell  c-table-specs__cell--spec\">Uso:\u00a0<\/span>Interior y exterior<\/li>\n<li class=\"c-table-specs__row\" data-feature-id=\"200\" data-feature-value-id=\"735222\"><span class=\"c-table-specs__cell  c-table-specs__cell--spec\">Casquillo:\u00a0<\/span>E27<\/li>\n<li class=\"c-table-specs__row\" data-feature-id=\"179\" data-feature-value-id=\"3381186\"><span class=\"c-table-specs__cell  c-table-specs__cell--spec\">Requiere Montaje :\u00a0<\/span>No<\/li>\n<li class=\"c-table-specs__row\" data-feature-id=\"7\" data-feature-value-id=\"108081\"><span class=\"c-table-specs__cell  c-table-specs__cell--spec\">Tensi\u00f3n :\u00a0<\/span>220-240V AC<\/li>\n<li class=\"c-table-specs__row\" data-feature-id=\"4389\" data-feature-value-id=\"7835822\"><span class=\"c-table-specs__cell  c-table-specs__cell--spec\">Potencia m\u00e1xima soportada:\u00a0<\/span>1 x 40W<\/li>\n<li class=\"c-table-specs__row\" data-feature-id=\"4394\" data-feature-value-id=\"5831641\"><span class=\"c-table-specs__cell  c-table-specs__cell--spec\">Bombilla incluida:\u00a0<\/span>No<\/li>\n<li class=\"c-table-specs__row\" data-feature-id=\"5252\" data-feature-value-id=\"7800974\"><span class=\"c-table-specs__cell  c-table-specs__cell--spec\">Cable y cadena regulable en altura: <\/span>Si<\/li>\n<\/ul>\n<p>&nbsp;<\/p>\n","protected":false},"featured_media":19671,"comment_status":"open","ping_status":"closed","template":"","meta":{"_joinchat":[]},"product_cat":[718,721,734,736],"product_tag":[882,817],"class_list":{"0":"post-19669","1":"product","2":"type-product","3":"status-publish","4":"has-post-thumbnail","6":"product_cat-lighting","7":"product_cat-ceiling-lamps-en","8":"product_cat-natural","9":"product_cat-wild-jungle","10":"product_tag-iron","11":"product_tag-jute","13":"first","14":"instock","15":"taxable","16":"shipping-taxable","17":"purchasable","18":"product-type-simple"},"yoast_head":"<!-- This site is optimized with the Yoast SEO Premium plugin v23.0 (Yoast SEO v25.6) - https:\/\/yoast.com\/wordpress\/plugins\/seo\/ -->\n<title>LAMPARA COLGANTE PAMELA - El Portillo Decoraci\u00f3n<\/title>\n<meta name=\"description\" content=\"Enamorados por el aspecto natural y atemporal de la l\u00e1mpara colgante PAMELa. Realizada en suave trenzado de YUTE es Como una invitaci\u00f3n a viajar, aportar\u00e1 un toque ex\u00f3tico y relajante a tu hogar, para sentirte como en lugares lejanos, as\u00ed que en El Portillo la ubicamos en el Estilo Natural y por supuesto, en Estilo Wild Jungle.   Material: Yute, hierro\u00a0  Color: natural, y cadena de hierro marr\u00f3n  Medida: \u2300 63 x 19 cm  Uso:\u00a0Interior y exterior  Casquillo:\u00a0E27  Requiere Montaje :\u00a0No  Tensi\u00f3n :\u00a0220-240V AC  Potencia m\u00e1xima soportada:\u00a01 x 40W  Bombilla incluida:\u00a0No  Cable y cadena regulable en altura: Si  &nbsp;\" \/>\n<meta name=\"robots\" content=\"index, follow, max-snippet:-1, max-image-preview:large, max-video-preview:-1\" \/>\n<link rel=\"canonical\" href=\"https:\/\/elportillodecoracion.es\/tienda\/lampara-colgante-pamela\/\" \/>\n<meta property=\"og:locale\" content=\"en_US\" \/>\n<meta property=\"og:type\" content=\"article\" \/>\n<meta property=\"og:title\" content=\"LAMPARA COLGANTE PAMELA\" \/>\n<meta property=\"og:description\" content=\"Enamorados por el aspecto natural y atemporal de la l\u00e1mpara colgante PAMELa. Realizada en suave trenzado de YUTE es Como una invitaci\u00f3n a viajar, aportar\u00e1 un toque ex\u00f3tico y relajante a tu hogar, para sentirte como en lugares lejanos, as\u00ed que en El Portillo la ubicamos en el Estilo Natural y por supuesto, en Estilo Wild Jungle.   Material: Yute, hierro\u00a0  Color: natural, y cadena de hierro marr\u00f3n  Medida: \u2300 63 x 19 cm  Uso:\u00a0Interior y exterior  Casquillo:\u00a0E27  Requiere Montaje :\u00a0No  Tensi\u00f3n :\u00a0220-240V AC  Potencia m\u00e1xima soportada:\u00a01 x 40W  Bombilla incluida:\u00a0No  Cable y cadena regulable en altura: Si  &nbsp;\" \/>\n<meta property=\"og:url\" content=\"https:\/\/elportillodecoracion.es\/tienda\/lampara-colgante-pamela\/\" \/>\n<meta property=\"og:site_name\" content=\"El Portillo Decoraci\u00f3n\" \/>\n<meta property=\"article:modified_time\" content=\"2024-12-03T11:58:16+00:00\" \/>\n<meta property=\"og:image\" content=\"https:\/\/elportillodecoracion.es\/wp-content\/uploads\/2024\/11\/suspension-maddy-petit-modele-2.jpg\" \/>\n\t<meta property=\"og:image:width\" content=\"1200\" \/>\n\t<meta property=\"og:image:height\" content=\"1200\" \/>\n\t<meta property=\"og:image:type\" content=\"image\/jpeg\" \/>\n<meta name=\"twitter:card\" content=\"summary_large_image\" \/>\n<meta name=\"twitter:label1\" content=\"Price\" \/>\n\t<meta name=\"twitter:data1\" content=\"299,00&euro; IVA inc\" \/>\n\t<meta name=\"twitter:label2\" content=\"Availability\" \/>\n\t<meta name=\"twitter:data2\" content=\"In stock\" \/>\n<script type=\"application\/ld+json\" class=\"yoast-schema-graph\">{\"@context\":\"https:\/\/schema.org\",\"@graph\":[{\"@type\":\"WebPage\",\"@id\":\"https:\/\/elportillodecoracion.es\/tienda\/lampara-colgante-pamela\/\",\"url\":\"https:\/\/elportillodecoracion.es\/tienda\/lampara-colgante-pamela\/\",\"name\":\"LAMPARA COLGANTE PAMELA - El Portillo Decoraci\u00f3n\",\"isPartOf\":{\"@id\":\"https:\/\/elportillodecoracion.es\/#website\"},\"primaryImageOfPage\":{\"@id\":\"https:\/\/elportillodecoracion.es\/tienda\/lampara-colgante-pamela\/#primaryimage\"},\"image\":{\"@id\":\"https:\/\/elportillodecoracion.es\/tienda\/lampara-colgante-pamela\/#primaryimage\"},\"thumbnailUrl\":\"https:\/\/elportillodecoracion.es\/wp-content\/uploads\/2024\/11\/suspension-maddy-petit-modele-2.jpg\",\"datePublished\":\"2024-11-06T21:04:49+00:00\",\"dateModified\":\"2024-12-03T11:58:16+00:00\",\"description\":\"Enamorados por el aspecto natural y atemporal de la l\u00e1mpara colgante PAMELa. Realizada en suave trenzado de YUTE es Como una invitaci\u00f3n a viajar, aportar\u00e1 un toque ex\u00f3tico y relajante a tu hogar, para sentirte como en lugares lejanos, as\u00ed que en El Portillo la ubicamos en el Estilo Natural y por supuesto, en Estilo Wild Jungle. \u2022 Material: Yute, hierro\u00a0 \u2022 Color: natural, y cadena de hierro marr\u00f3n \u2022 Medida: \u2300 63 x 19 cm \u2022 Uso:\u00a0Interior y exterior \u2022 Casquillo:\u00a0E27 \u2022 Requiere Montaje :\u00a0No \u2022 Tensi\u00f3n :\u00a0220-240V AC \u2022 Potencia m\u00e1xima soportada:\u00a01 x 40W \u2022 Bombilla incluida:\u00a0No \u2022 Cable y cadena regulable en altura: Si &nbsp;\",\"breadcrumb\":{\"@id\":\"https:\/\/elportillodecoracion.es\/tienda\/lampara-colgante-pamela\/#breadcrumb\"},\"inLanguage\":\"en-US\",\"potentialAction\":[{\"@type\":\"ReadAction\",\"target\":[\"https:\/\/elportillodecoracion.es\/tienda\/lampara-colgante-pamela\/\"]}]},{\"@type\":\"ImageObject\",\"inLanguage\":\"en-US\",\"@id\":\"https:\/\/elportillodecoracion.es\/tienda\/lampara-colgante-pamela\/#primaryimage\",\"url\":\"https:\/\/elportillodecoracion.es\/wp-content\/uploads\/2024\/11\/suspension-maddy-petit-modele-2.jpg\",\"contentUrl\":\"https:\/\/elportillodecoracion.es\/wp-content\/uploads\/2024\/11\/suspension-maddy-petit-modele-2.jpg\",\"width\":1200,\"height\":1200},{\"@type\":\"BreadcrumbList\",\"@id\":\"https:\/\/elportillodecoracion.es\/tienda\/lampara-colgante-pamela\/#breadcrumb\",\"itemListElement\":[{\"@type\":\"ListItem\",\"position\":1,\"name\":\"Portada\",\"item\":\"https:\/\/elportillodecoracion.es\/\"},{\"@type\":\"ListItem\",\"position\":2,\"name\":\"Tienda\",\"item\":\"https:\/\/elportillodecoracion.es\/tienda\/\"},{\"@type\":\"ListItem\",\"position\":3,\"name\":\"LAMPARA COLGANTE PAMELA\"}]},{\"@type\":\"WebSite\",\"@id\":\"https:\/\/elportillodecoracion.es\/#website\",\"url\":\"https:\/\/elportillodecoracion.es\/\",\"name\":\"El Portillo Decoraci\u00f3n\",\"description\":\"Muebles y Decoraci\u00f3n\",\"publisher\":{\"@id\":\"https:\/\/elportillodecoracion.es\/#organization\"},\"potentialAction\":[{\"@type\":\"SearchAction\",\"target\":{\"@type\":\"EntryPoint\",\"urlTemplate\":\"https:\/\/elportillodecoracion.es\/?s={search_term_string}\"},\"query-input\":{\"@type\":\"PropertyValueSpecification\",\"valueRequired\":true,\"valueName\":\"search_term_string\"}}],\"inLanguage\":\"en-US\"},{\"@type\":\"Organization\",\"@id\":\"https:\/\/elportillodecoracion.es\/#organization\",\"name\":\"El Portillo Decoraci\u00f3n\",\"url\":\"https:\/\/elportillodecoracion.es\/\",\"logo\":{\"@type\":\"ImageObject\",\"inLanguage\":\"en-US\",\"@id\":\"https:\/\/elportillodecoracion.es\/#\/schema\/logo\/image\/\",\"url\":\"https:\/\/elportillodecoracion.es\/wp-content\/uploads\/2018\/11\/El-Portillo_logo-300.jpg\",\"contentUrl\":\"https:\/\/elportillodecoracion.es\/wp-content\/uploads\/2018\/11\/El-Portillo_logo-300.jpg\",\"width\":350,\"height\":91,\"caption\":\"El Portillo Decoraci\u00f3n\"},\"image\":{\"@id\":\"https:\/\/elportillodecoracion.es\/#\/schema\/logo\/image\/\"}}]}<\/script>\n<meta property=\"product:price:amount\" content=\"299.00\" \/>\n<meta property=\"product:price:currency\" content=\"EUR\" \/>\n<meta property=\"og:availability\" content=\"instock\" \/>\n<meta property=\"product:availability\" content=\"instock\" \/>\n<meta property=\"product:retailer_item_id\" content=\"71000\" \/>\n<meta property=\"product:condition\" content=\"new\" \/>\n<!-- \/ Yoast SEO Premium plugin. -->","yoast_head_json":{"title":"LAMPARA COLGANTE PAMELA - El Portillo Decoraci\u00f3n","description":"Enamorados por el aspecto natural y atemporal de la l\u00e1mpara colgante PAMELa. Realizada en suave trenzado de YUTE es Como una invitaci\u00f3n a viajar, aportar\u00e1 un toque ex\u00f3tico y relajante a tu hogar, para sentirte como en lugares lejanos, as\u00ed que en El Portillo la ubicamos en el Estilo Natural y por supuesto, en Estilo Wild Jungle.   Material: Yute, hierro\u00a0  Color: natural, y cadena de hierro marr\u00f3n  Medida: \u2300 63 x 19 cm  Uso:\u00a0Interior y exterior  Casquillo:\u00a0E27  Requiere Montaje :\u00a0No  Tensi\u00f3n :\u00a0220-240V AC  Potencia m\u00e1xima soportada:\u00a01 x 40W  Bombilla incluida:\u00a0No  Cable y cadena regulable en altura: Si  &nbsp;","robots":{"index":"index","follow":"follow","max-snippet":"max-snippet:-1","max-image-preview":"max-image-preview:large","max-video-preview":"max-video-preview:-1"},"canonical":"https:\/\/elportillodecoracion.es\/tienda\/lampara-colgante-pamela\/","og_locale":"en_US","og_type":"article","og_title":"LAMPARA COLGANTE PAMELA","og_description":"Enamorados por el aspecto natural y atemporal de la l\u00e1mpara colgante PAMELa. Realizada en suave trenzado de YUTE es Como una invitaci\u00f3n a viajar, aportar\u00e1 un toque ex\u00f3tico y relajante a tu hogar, para sentirte como en lugares lejanos, as\u00ed que en El Portillo la ubicamos en el Estilo Natural y por supuesto, en Estilo Wild Jungle.   Material: Yute, hierro\u00a0  Color: natural, y cadena de hierro marr\u00f3n  Medida: \u2300 63 x 19 cm  Uso:\u00a0Interior y exterior  Casquillo:\u00a0E27  Requiere Montaje :\u00a0No  Tensi\u00f3n :\u00a0220-240V AC  Potencia m\u00e1xima soportada:\u00a01 x 40W  Bombilla incluida:\u00a0No  Cable y cadena regulable en altura: Si  &nbsp;","og_url":"https:\/\/elportillodecoracion.es\/tienda\/lampara-colgante-pamela\/","og_site_name":"El Portillo Decoraci\u00f3n","article_modified_time":"2024-12-03T11:58:16+00:00","og_image":[{"width":1200,"height":1200,"url":"https:\/\/elportillodecoracion.es\/wp-content\/uploads\/2024\/11\/suspension-maddy-petit-modele-2.jpg","type":"image\/jpeg"}],"twitter_card":"summary_large_image","twitter_misc":{"Price":"299,00&euro; IVA inc","Availability":"In stock"},"schema":{"@context":"https:\/\/schema.org","@graph":[{"@type":"WebPage","@id":"https:\/\/elportillodecoracion.es\/tienda\/lampara-colgante-pamela\/","url":"https:\/\/elportillodecoracion.es\/tienda\/lampara-colgante-pamela\/","name":"LAMPARA COLGANTE PAMELA - El Portillo Decoraci\u00f3n","isPartOf":{"@id":"https:\/\/elportillodecoracion.es\/#website"},"primaryImageOfPage":{"@id":"https:\/\/elportillodecoracion.es\/tienda\/lampara-colgante-pamela\/#primaryimage"},"image":{"@id":"https:\/\/elportillodecoracion.es\/tienda\/lampara-colgante-pamela\/#primaryimage"},"thumbnailUrl":"https:\/\/elportillodecoracion.es\/wp-content\/uploads\/2024\/11\/suspension-maddy-petit-modele-2.jpg","datePublished":"2024-11-06T21:04:49+00:00","dateModified":"2024-12-03T11:58:16+00:00","description":"Enamorados por el aspecto natural y atemporal de la l\u00e1mpara colgante PAMELa. Realizada en suave trenzado de YUTE es Como una invitaci\u00f3n a viajar, aportar\u00e1 un toque ex\u00f3tico y relajante a tu hogar, para sentirte como en lugares lejanos, as\u00ed que en El Portillo la ubicamos en el Estilo Natural y por supuesto, en Estilo Wild Jungle. \u2022 Material: Yute, hierro\u00a0 \u2022 Color: natural, y cadena de hierro marr\u00f3n \u2022 Medida: \u2300 63 x 19 cm \u2022 Uso:\u00a0Interior y exterior \u2022 Casquillo:\u00a0E27 \u2022 Requiere Montaje :\u00a0No \u2022 Tensi\u00f3n :\u00a0220-240V AC \u2022 Potencia m\u00e1xima soportada:\u00a01 x 40W \u2022 Bombilla incluida:\u00a0No \u2022 Cable y cadena regulable en altura: Si &nbsp;","breadcrumb":{"@id":"https:\/\/elportillodecoracion.es\/tienda\/lampara-colgante-pamela\/#breadcrumb"},"inLanguage":"en-US","potentialAction":[{"@type":"ReadAction","target":["https:\/\/elportillodecoracion.es\/tienda\/lampara-colgante-pamela\/"]}]},{"@type":"ImageObject","inLanguage":"en-US","@id":"https:\/\/elportillodecoracion.es\/tienda\/lampara-colgante-pamela\/#primaryimage","url":"https:\/\/elportillodecoracion.es\/wp-content\/uploads\/2024\/11\/suspension-maddy-petit-modele-2.jpg","contentUrl":"https:\/\/elportillodecoracion.es\/wp-content\/uploads\/2024\/11\/suspension-maddy-petit-modele-2.jpg","width":1200,"height":1200},{"@type":"BreadcrumbList","@id":"https:\/\/elportillodecoracion.es\/tienda\/lampara-colgante-pamela\/#breadcrumb","itemListElement":[{"@type":"ListItem","position":1,"name":"Portada","item":"https:\/\/elportillodecoracion.es\/"},{"@type":"ListItem","position":2,"name":"Tienda","item":"https:\/\/elportillodecoracion.es\/tienda\/"},{"@type":"ListItem","position":3,"name":"LAMPARA COLGANTE PAMELA"}]},{"@type":"WebSite","@id":"https:\/\/elportillodecoracion.es\/#website","url":"https:\/\/elportillodecoracion.es\/","name":"El Portillo Decoraci\u00f3n","description":"Muebles y Decoraci\u00f3n","publisher":{"@id":"https:\/\/elportillodecoracion.es\/#organization"},"potentialAction":[{"@type":"SearchAction","target":{"@type":"EntryPoint","urlTemplate":"https:\/\/elportillodecoracion.es\/?s={search_term_string}"},"query-input":{"@type":"PropertyValueSpecification","valueRequired":true,"valueName":"search_term_string"}}],"inLanguage":"en-US"},{"@type":"Organization","@id":"https:\/\/elportillodecoracion.es\/#organization","name":"El Portillo Decoraci\u00f3n","url":"https:\/\/elportillodecoracion.es\/","logo":{"@type":"ImageObject","inLanguage":"en-US","@id":"https:\/\/elportillodecoracion.es\/#\/schema\/logo\/image\/","url":"https:\/\/elportillodecoracion.es\/wp-content\/uploads\/2018\/11\/El-Portillo_logo-300.jpg","contentUrl":"https:\/\/elportillodecoracion.es\/wp-content\/uploads\/2018\/11\/El-Portillo_logo-300.jpg","width":350,"height":91,"caption":"El Portillo Decoraci\u00f3n"},"image":{"@id":"https:\/\/elportillodecoracion.es\/#\/schema\/logo\/image\/"}}]},"product_price_amount":"299.00","product_price_currency":"EUR","og_availability":"instock","product_availability":"instock","product_retailer_item_id":"71000","product_condition":"new"},"_links":{"self":[{"href":"https:\/\/elportillodecoracion.es\/en\/wp-json\/wp\/v2\/product\/19669","targetHints":{"allow":["GET"]}}],"collection":[{"href":"https:\/\/elportillodecoracion.es\/en\/wp-json\/wp\/v2\/product"}],"about":[{"href":"https:\/\/elportillodecoracion.es\/en\/wp-json\/wp\/v2\/types\/product"}],"replies":[{"embeddable":true,"href":"https:\/\/elportillodecoracion.es\/en\/wp-json\/wp\/v2\/comments?post=19669"}],"wp:featuredmedia":[{"embeddable":true,"href":"https:\/\/elportillodecoracion.es\/en\/wp-json\/wp\/v2\/media\/19671"}],"wp:attachment":[{"href":"https:\/\/elportillodecoracion.es\/en\/wp-json\/wp\/v2\/media?parent=19669"}],"wp:term":[{"taxonomy":"product_cat","embeddable":true,"href":"https:\/\/elportillodecoracion.es\/en\/wp-json\/wp\/v2\/product_cat?post=19669"},{"taxonomy":"product_tag","embeddable":true,"href":"https:\/\/elportillodecoracion.es\/en\/wp-json\/wp\/v2\/product_tag?post=19669"}],"curies":[{"name":"wp","href":"https:\/\/api.w.org\/{rel}","templated":true}]}}