{"id":18411,"date":"2024-05-11T20:25:09","date_gmt":"2024-05-11T18:25:09","guid":{"rendered":"https:\/\/elportillodecoracion.es\/?post_type=product&#038;p=18411"},"modified":"2025-11-20T20:12:25","modified_gmt":"2025-11-20T19:12:25","slug":"jarron-amarillo-ceramica-30x22x18-cm","status":"publish","type":"product","link":"https:\/\/elportillodecoracion.es\/en\/tienda\/jarron-amarillo-ceramica-30x22x18-cm\/","title":{"rendered":"JARR\u00d3N AMARILLO CER\u00c1MICA 30x22x18 cm"},"content":{"rendered":"","protected":false},"excerpt":{"rendered":"<p>Este\u00a0<strong>jarr\u00f3n de cer\u00e1mica<\/strong>\u00a0destaca por su llamativo<strong> color amarillo,<\/strong>\u00a0convirti\u00e9ndolo en una\u00a0<strong>pieza decorativa<\/strong>\u00a0que aportar\u00e1\u00a0<strong>alegr\u00eda<\/strong>\u00a0y<strong>\u00a0viveza<\/strong>\u00a0a tu hogar. Dise\u00f1o sencillo pero perfecto para crear un\u00a0<strong>ambiente m\u00e1gico<\/strong>. Lo podr\u00e1s utilizar como\u00a0<strong>jarr\u00f3n decorativo<\/strong>\u00a0o, si quieres realzar a\u00fan m\u00e1s la decoraci\u00f3n crear una\u00a0<strong>bonita composici\u00f3n floral<\/strong> coloc\u00e1ndolo como centro de mesa, en un aparador o combin\u00e1ndolo con otros jarrones de diferentes tama\u00f1os y colores.<\/p>\n<p><strong>-Color:<\/strong> amarillo.<\/p>\n<p><strong>-Material:<\/strong> cer\u00e1mica.<\/p>\n<p><strong>-Medidas:<\/strong> 30cm alto x 22cm largo x 18cm di\u00e1metro.<\/p>\n","protected":false},"featured_media":18413,"comment_status":"open","ping_status":"closed","template":"","meta":{"_joinchat":[]},"product_cat":[709,716,714,712],"product_tag":[802],"class_list":{"0":"post-18411","1":"product","2":"type-product","3":"status-publish","4":"has-post-thumbnail","6":"product_cat-decorative-figures","7":"product_cat-flower-vases","8":"product_cat-flowers-and-vases","9":"product_cat-vases-decorative-figures","10":"product_tag-ceramics","12":"first","13":"outofstock","14":"taxable","15":"shipping-taxable","16":"purchasable","17":"product-type-simple"},"yoast_head":"<!-- This site is optimized with the Yoast SEO Premium plugin v23.0 (Yoast SEO v25.6) - https:\/\/yoast.com\/wordpress\/plugins\/seo\/ -->\n<title>JARR\u00d3N AMARILLO CER\u00c1MICA 30x22x18 cm - El Portillo Decoraci\u00f3n<\/title>\n<meta name=\"description\" content=\"Este\u00a0jarr\u00f3n de cer\u00e1mica\u00a0destaca por su llamativo color amarillo,\u00a0convirti\u00e9ndolo en una\u00a0pieza decorativa\u00a0que aportar\u00e1\u00a0alegr\u00eda\u00a0y\u00a0viveza\u00a0a tu hogar. Dise\u00f1o sencillo pero perfecto para crear un\u00a0ambiente m\u00e1gico. Lo podr\u00e1s utilizar como\u00a0jarr\u00f3n decorativo\u00a0o, si quieres realzar a\u00fan m\u00e1s la decoraci\u00f3n crear una\u00a0bonita composici\u00f3n floral coloc\u00e1ndolo como centro de mesa, en un aparador o combin\u00e1ndolo con otros jarrones de diferentes tama\u00f1os y colores.  -Color: amarillo.  -Material: cer\u00e1mica.  -Medidas: 30cm alto x 22cm largo x 18cm di\u00e1metro.\" \/>\n<meta name=\"robots\" content=\"index, follow, max-snippet:-1, max-image-preview:large, max-video-preview:-1\" \/>\n<link rel=\"canonical\" href=\"https:\/\/elportillodecoracion.es\/tienda\/jarron-amarillo-ceramica-30x22x18-cm\/\" \/>\n<meta property=\"og:locale\" content=\"en_US\" \/>\n<meta property=\"og:type\" content=\"article\" \/>\n<meta property=\"og:title\" content=\"JARR\u00d3N AMARILLO CER\u00c1MICA 30x22x18 cm\" \/>\n<meta property=\"og:description\" content=\"Este\u00a0jarr\u00f3n de cer\u00e1mica\u00a0destaca por su llamativo color amarillo,\u00a0convirti\u00e9ndolo en una\u00a0pieza decorativa\u00a0que aportar\u00e1\u00a0alegr\u00eda\u00a0y\u00a0viveza\u00a0a tu hogar. Dise\u00f1o sencillo pero perfecto para crear un\u00a0ambiente m\u00e1gico. Lo podr\u00e1s utilizar como\u00a0jarr\u00f3n decorativo\u00a0o, si quieres realzar a\u00fan m\u00e1s la decoraci\u00f3n crear una\u00a0bonita composici\u00f3n floral coloc\u00e1ndolo como centro de mesa, en un aparador o combin\u00e1ndolo con otros jarrones de diferentes tama\u00f1os y colores.  -Color: amarillo.  -Material: cer\u00e1mica.  -Medidas: 30cm alto x 22cm largo x 18cm di\u00e1metro.\" \/>\n<meta property=\"og:url\" content=\"https:\/\/elportillodecoracion.es\/tienda\/jarron-amarillo-ceramica-30x22x18-cm\/\" \/>\n<meta property=\"og:site_name\" content=\"El Portillo Decoraci\u00f3n\" \/>\n<meta property=\"article:modified_time\" content=\"2025-11-20T19:12:25+00:00\" \/>\n<meta property=\"og:image\" content=\"https:\/\/elportillodecoracion.es\/wp-content\/uploads\/2024\/05\/43009-e1715451443654.jpg\" \/>\n\t<meta property=\"og:image:width\" content=\"400\" \/>\n\t<meta property=\"og:image:height\" content=\"398\" \/>\n\t<meta property=\"og:image:type\" content=\"image\/jpeg\" \/>\n<meta name=\"twitter:card\" content=\"summary_large_image\" \/>\n<meta name=\"twitter:label1\" content=\"Price\" \/>\n\t<meta name=\"twitter:data1\" content=\"43,90&euro; IVA inc\" \/>\n\t<meta name=\"twitter:label2\" content=\"Availability\" \/>\n\t<meta name=\"twitter:data2\" content=\"Out of stock\" \/>\n<script type=\"application\/ld+json\" class=\"yoast-schema-graph\">{\"@context\":\"https:\/\/schema.org\",\"@graph\":[{\"@type\":\"WebPage\",\"@id\":\"https:\/\/elportillodecoracion.es\/tienda\/jarron-amarillo-ceramica-30x22x18-cm\/\",\"url\":\"https:\/\/elportillodecoracion.es\/tienda\/jarron-amarillo-ceramica-30x22x18-cm\/\",\"name\":\"JARR\u00d3N AMARILLO CER\u00c1MICA 30x22x18 cm - El Portillo Decoraci\u00f3n\",\"isPartOf\":{\"@id\":\"https:\/\/elportillodecoracion.es\/#website\"},\"primaryImageOfPage\":{\"@id\":\"https:\/\/elportillodecoracion.es\/tienda\/jarron-amarillo-ceramica-30x22x18-cm\/#primaryimage\"},\"image\":{\"@id\":\"https:\/\/elportillodecoracion.es\/tienda\/jarron-amarillo-ceramica-30x22x18-cm\/#primaryimage\"},\"thumbnailUrl\":\"https:\/\/elportillodecoracion.es\/wp-content\/uploads\/2024\/05\/43009-e1715451443654.jpg\",\"datePublished\":\"2024-05-11T18:25:09+00:00\",\"dateModified\":\"2025-11-20T19:12:25+00:00\",\"description\":\"Este\u00a0jarr\u00f3n de cer\u00e1mica\u00a0destaca por su llamativo color amarillo,\u00a0convirti\u00e9ndolo en una\u00a0pieza decorativa\u00a0que aportar\u00e1\u00a0alegr\u00eda\u00a0y\u00a0viveza\u00a0a tu hogar. Dise\u00f1o sencillo pero perfecto para crear un\u00a0ambiente m\u00e1gico. Lo podr\u00e1s utilizar como\u00a0jarr\u00f3n decorativo\u00a0o, si quieres realzar a\u00fan m\u00e1s la decoraci\u00f3n crear una\u00a0bonita composici\u00f3n floral coloc\u00e1ndolo como centro de mesa, en un aparador o combin\u00e1ndolo con otros jarrones de diferentes tama\u00f1os y colores. -Color: amarillo. -Material: cer\u00e1mica. -Medidas: 30cm alto x 22cm largo x 18cm di\u00e1metro.\",\"breadcrumb\":{\"@id\":\"https:\/\/elportillodecoracion.es\/tienda\/jarron-amarillo-ceramica-30x22x18-cm\/#breadcrumb\"},\"inLanguage\":\"en-US\",\"potentialAction\":[{\"@type\":\"ReadAction\",\"target\":[\"https:\/\/elportillodecoracion.es\/tienda\/jarron-amarillo-ceramica-30x22x18-cm\/\"]}]},{\"@type\":\"ImageObject\",\"inLanguage\":\"en-US\",\"@id\":\"https:\/\/elportillodecoracion.es\/tienda\/jarron-amarillo-ceramica-30x22x18-cm\/#primaryimage\",\"url\":\"https:\/\/elportillodecoracion.es\/wp-content\/uploads\/2024\/05\/43009-e1715451443654.jpg\",\"contentUrl\":\"https:\/\/elportillodecoracion.es\/wp-content\/uploads\/2024\/05\/43009-e1715451443654.jpg\",\"width\":400,\"height\":398},{\"@type\":\"BreadcrumbList\",\"@id\":\"https:\/\/elportillodecoracion.es\/tienda\/jarron-amarillo-ceramica-30x22x18-cm\/#breadcrumb\",\"itemListElement\":[{\"@type\":\"ListItem\",\"position\":1,\"name\":\"Portada\",\"item\":\"https:\/\/elportillodecoracion.es\/\"},{\"@type\":\"ListItem\",\"position\":2,\"name\":\"Tienda\",\"item\":\"https:\/\/elportillodecoracion.es\/tienda\/\"},{\"@type\":\"ListItem\",\"position\":3,\"name\":\"JARR\u00d3N AMARILLO CER\u00c1MICA 30x22x18 cm\"}]},{\"@type\":\"WebSite\",\"@id\":\"https:\/\/elportillodecoracion.es\/#website\",\"url\":\"https:\/\/elportillodecoracion.es\/\",\"name\":\"El Portillo Decoraci\u00f3n\",\"description\":\"Muebles y Decoraci\u00f3n\",\"publisher\":{\"@id\":\"https:\/\/elportillodecoracion.es\/#organization\"},\"potentialAction\":[{\"@type\":\"SearchAction\",\"target\":{\"@type\":\"EntryPoint\",\"urlTemplate\":\"https:\/\/elportillodecoracion.es\/?s={search_term_string}\"},\"query-input\":{\"@type\":\"PropertyValueSpecification\",\"valueRequired\":true,\"valueName\":\"search_term_string\"}}],\"inLanguage\":\"en-US\"},{\"@type\":\"Organization\",\"@id\":\"https:\/\/elportillodecoracion.es\/#organization\",\"name\":\"El Portillo Decoraci\u00f3n\",\"url\":\"https:\/\/elportillodecoracion.es\/\",\"logo\":{\"@type\":\"ImageObject\",\"inLanguage\":\"en-US\",\"@id\":\"https:\/\/elportillodecoracion.es\/#\/schema\/logo\/image\/\",\"url\":\"https:\/\/elportillodecoracion.es\/wp-content\/uploads\/2018\/11\/El-Portillo_logo-300.jpg\",\"contentUrl\":\"https:\/\/elportillodecoracion.es\/wp-content\/uploads\/2018\/11\/El-Portillo_logo-300.jpg\",\"width\":350,\"height\":91,\"caption\":\"El Portillo Decoraci\u00f3n\"},\"image\":{\"@id\":\"https:\/\/elportillodecoracion.es\/#\/schema\/logo\/image\/\"}}]}<\/script>\n<meta property=\"product:price:amount\" content=\"43.90\" \/>\n<meta property=\"product:price:currency\" content=\"EUR\" \/>\n<meta property=\"og:availability\" content=\"out of stock\" \/>\n<meta property=\"product:availability\" content=\"out of stock\" \/>\n<meta property=\"product:retailer_item_id\" content=\"43009\" \/>\n<meta property=\"product:condition\" content=\"new\" \/>\n<!-- \/ Yoast SEO Premium plugin. -->","yoast_head_json":{"title":"JARR\u00d3N AMARILLO CER\u00c1MICA 30x22x18 cm - El Portillo Decoraci\u00f3n","description":"Este\u00a0jarr\u00f3n de cer\u00e1mica\u00a0destaca por su llamativo color amarillo,\u00a0convirti\u00e9ndolo en una\u00a0pieza decorativa\u00a0que aportar\u00e1\u00a0alegr\u00eda\u00a0y\u00a0viveza\u00a0a tu hogar. Dise\u00f1o sencillo pero perfecto para crear un\u00a0ambiente m\u00e1gico. Lo podr\u00e1s utilizar como\u00a0jarr\u00f3n decorativo\u00a0o, si quieres realzar a\u00fan m\u00e1s la decoraci\u00f3n crear una\u00a0bonita composici\u00f3n floral coloc\u00e1ndolo como centro de mesa, en un aparador o combin\u00e1ndolo con otros jarrones de diferentes tama\u00f1os y colores.  -Color: amarillo.  -Material: cer\u00e1mica.  -Medidas: 30cm alto x 22cm largo x 18cm di\u00e1metro.","robots":{"index":"index","follow":"follow","max-snippet":"max-snippet:-1","max-image-preview":"max-image-preview:large","max-video-preview":"max-video-preview:-1"},"canonical":"https:\/\/elportillodecoracion.es\/tienda\/jarron-amarillo-ceramica-30x22x18-cm\/","og_locale":"en_US","og_type":"article","og_title":"JARR\u00d3N AMARILLO CER\u00c1MICA 30x22x18 cm","og_description":"Este\u00a0jarr\u00f3n de cer\u00e1mica\u00a0destaca por su llamativo color amarillo,\u00a0convirti\u00e9ndolo en una\u00a0pieza decorativa\u00a0que aportar\u00e1\u00a0alegr\u00eda\u00a0y\u00a0viveza\u00a0a tu hogar. Dise\u00f1o sencillo pero perfecto para crear un\u00a0ambiente m\u00e1gico. Lo podr\u00e1s utilizar como\u00a0jarr\u00f3n decorativo\u00a0o, si quieres realzar a\u00fan m\u00e1s la decoraci\u00f3n crear una\u00a0bonita composici\u00f3n floral coloc\u00e1ndolo como centro de mesa, en un aparador o combin\u00e1ndolo con otros jarrones de diferentes tama\u00f1os y colores.  -Color: amarillo.  -Material: cer\u00e1mica.  -Medidas: 30cm alto x 22cm largo x 18cm di\u00e1metro.","og_url":"https:\/\/elportillodecoracion.es\/tienda\/jarron-amarillo-ceramica-30x22x18-cm\/","og_site_name":"El Portillo Decoraci\u00f3n","article_modified_time":"2025-11-20T19:12:25+00:00","og_image":[{"width":400,"height":398,"url":"https:\/\/elportillodecoracion.es\/wp-content\/uploads\/2024\/05\/43009-e1715451443654.jpg","type":"image\/jpeg"}],"twitter_card":"summary_large_image","twitter_misc":{"Price":"43,90&euro; IVA inc","Availability":"Out of stock"},"schema":{"@context":"https:\/\/schema.org","@graph":[{"@type":"WebPage","@id":"https:\/\/elportillodecoracion.es\/tienda\/jarron-amarillo-ceramica-30x22x18-cm\/","url":"https:\/\/elportillodecoracion.es\/tienda\/jarron-amarillo-ceramica-30x22x18-cm\/","name":"JARR\u00d3N AMARILLO CER\u00c1MICA 30x22x18 cm - El Portillo Decoraci\u00f3n","isPartOf":{"@id":"https:\/\/elportillodecoracion.es\/#website"},"primaryImageOfPage":{"@id":"https:\/\/elportillodecoracion.es\/tienda\/jarron-amarillo-ceramica-30x22x18-cm\/#primaryimage"},"image":{"@id":"https:\/\/elportillodecoracion.es\/tienda\/jarron-amarillo-ceramica-30x22x18-cm\/#primaryimage"},"thumbnailUrl":"https:\/\/elportillodecoracion.es\/wp-content\/uploads\/2024\/05\/43009-e1715451443654.jpg","datePublished":"2024-05-11T18:25:09+00:00","dateModified":"2025-11-20T19:12:25+00:00","description":"Este\u00a0jarr\u00f3n de cer\u00e1mica\u00a0destaca por su llamativo color amarillo,\u00a0convirti\u00e9ndolo en una\u00a0pieza decorativa\u00a0que aportar\u00e1\u00a0alegr\u00eda\u00a0y\u00a0viveza\u00a0a tu hogar. Dise\u00f1o sencillo pero perfecto para crear un\u00a0ambiente m\u00e1gico. Lo podr\u00e1s utilizar como\u00a0jarr\u00f3n decorativo\u00a0o, si quieres realzar a\u00fan m\u00e1s la decoraci\u00f3n crear una\u00a0bonita composici\u00f3n floral coloc\u00e1ndolo como centro de mesa, en un aparador o combin\u00e1ndolo con otros jarrones de diferentes tama\u00f1os y colores. -Color: amarillo. -Material: cer\u00e1mica. -Medidas: 30cm alto x 22cm largo x 18cm di\u00e1metro.","breadcrumb":{"@id":"https:\/\/elportillodecoracion.es\/tienda\/jarron-amarillo-ceramica-30x22x18-cm\/#breadcrumb"},"inLanguage":"en-US","potentialAction":[{"@type":"ReadAction","target":["https:\/\/elportillodecoracion.es\/tienda\/jarron-amarillo-ceramica-30x22x18-cm\/"]}]},{"@type":"ImageObject","inLanguage":"en-US","@id":"https:\/\/elportillodecoracion.es\/tienda\/jarron-amarillo-ceramica-30x22x18-cm\/#primaryimage","url":"https:\/\/elportillodecoracion.es\/wp-content\/uploads\/2024\/05\/43009-e1715451443654.jpg","contentUrl":"https:\/\/elportillodecoracion.es\/wp-content\/uploads\/2024\/05\/43009-e1715451443654.jpg","width":400,"height":398},{"@type":"BreadcrumbList","@id":"https:\/\/elportillodecoracion.es\/tienda\/jarron-amarillo-ceramica-30x22x18-cm\/#breadcrumb","itemListElement":[{"@type":"ListItem","position":1,"name":"Portada","item":"https:\/\/elportillodecoracion.es\/"},{"@type":"ListItem","position":2,"name":"Tienda","item":"https:\/\/elportillodecoracion.es\/tienda\/"},{"@type":"ListItem","position":3,"name":"JARR\u00d3N AMARILLO CER\u00c1MICA 30x22x18 cm"}]},{"@type":"WebSite","@id":"https:\/\/elportillodecoracion.es\/#website","url":"https:\/\/elportillodecoracion.es\/","name":"El Portillo Decoraci\u00f3n","description":"Muebles y Decoraci\u00f3n","publisher":{"@id":"https:\/\/elportillodecoracion.es\/#organization"},"potentialAction":[{"@type":"SearchAction","target":{"@type":"EntryPoint","urlTemplate":"https:\/\/elportillodecoracion.es\/?s={search_term_string}"},"query-input":{"@type":"PropertyValueSpecification","valueRequired":true,"valueName":"search_term_string"}}],"inLanguage":"en-US"},{"@type":"Organization","@id":"https:\/\/elportillodecoracion.es\/#organization","name":"El Portillo Decoraci\u00f3n","url":"https:\/\/elportillodecoracion.es\/","logo":{"@type":"ImageObject","inLanguage":"en-US","@id":"https:\/\/elportillodecoracion.es\/#\/schema\/logo\/image\/","url":"https:\/\/elportillodecoracion.es\/wp-content\/uploads\/2018\/11\/El-Portillo_logo-300.jpg","contentUrl":"https:\/\/elportillodecoracion.es\/wp-content\/uploads\/2018\/11\/El-Portillo_logo-300.jpg","width":350,"height":91,"caption":"El Portillo Decoraci\u00f3n"},"image":{"@id":"https:\/\/elportillodecoracion.es\/#\/schema\/logo\/image\/"}}]},"product_price_amount":"43.90","product_price_currency":"EUR","og_availability":"out of stock","product_availability":"out of stock","product_retailer_item_id":"43009","product_condition":"new"},"_links":{"self":[{"href":"https:\/\/elportillodecoracion.es\/en\/wp-json\/wp\/v2\/product\/18411","targetHints":{"allow":["GET"]}}],"collection":[{"href":"https:\/\/elportillodecoracion.es\/en\/wp-json\/wp\/v2\/product"}],"about":[{"href":"https:\/\/elportillodecoracion.es\/en\/wp-json\/wp\/v2\/types\/product"}],"replies":[{"embeddable":true,"href":"https:\/\/elportillodecoracion.es\/en\/wp-json\/wp\/v2\/comments?post=18411"}],"wp:featuredmedia":[{"embeddable":true,"href":"https:\/\/elportillodecoracion.es\/en\/wp-json\/wp\/v2\/media\/18413"}],"wp:attachment":[{"href":"https:\/\/elportillodecoracion.es\/en\/wp-json\/wp\/v2\/media?parent=18411"}],"wp:term":[{"taxonomy":"product_cat","embeddable":true,"href":"https:\/\/elportillodecoracion.es\/en\/wp-json\/wp\/v2\/product_cat?post=18411"},{"taxonomy":"product_tag","embeddable":true,"href":"https:\/\/elportillodecoracion.es\/en\/wp-json\/wp\/v2\/product_tag?post=18411"}],"curies":[{"name":"wp","href":"https:\/\/api.w.org\/{rel}","templated":true}]}}