{"id":14212,"date":"2021-06-06T06:21:37","date_gmt":"2021-06-06T04:21:37","guid":{"rendered":"https:\/\/elportillodecoracion.es\/tienda\/centro-redondo-turquesa-y-oro-h25-d22\/"},"modified":"2021-11-23T20:18:22","modified_gmt":"2021-11-23T19:18:22","slug":"centro-redondo-turquesa-y-oro-h25-d22","status":"publish","type":"product","link":"https:\/\/elportillodecoracion.es\/en\/tienda\/centro-redondo-turquesa-y-oro-h25-d22\/","title":{"rendered":"CENTRO REDONDO TURQUESA Y ORO H25 D22."},"content":{"rendered":"","protected":false},"excerpt":{"rendered":"<p>Centro de mesa de resina dorado con vitrificado en azul claro. Elegante y sofisticado, ilumina y decora cualquier parte de casa a la perfecci\u00f3n.<\/p>\n<p>Descubre nuestra colecci\u00f3n de centros, floreros y jarrones dise\u00f1ados de manera artesanal y pensados para hogares con gusto.<\/p>\n<p>Dimensiones: H25 D22<\/p>\n<p>Color: TURQUESA Y ORO<\/p>\n<p>&nbsp;<\/p>\n","protected":false},"featured_media":14300,"comment_status":"open","ping_status":"closed","template":"","meta":{"_joinchat":[]},"product_cat":[840,837,825],"product_tag":[933],"class_list":{"0":"post-14212","1":"product","2":"type-product","3":"status-publish","4":"has-post-thumbnail","6":"product_cat-table-accessories","7":"product_cat-dinning-hall","8":"product_cat-estilo-luxury-en","9":"product_tag-centro-de-mesa","11":"first","12":"outofstock","13":"taxable","14":"shipping-taxable","15":"purchasable","16":"product-type-simple"},"yoast_head":"<!-- This site is optimized with the Yoast SEO Premium plugin v23.0 (Yoast SEO v25.6) - https:\/\/yoast.com\/wordpress\/plugins\/seo\/ -->\n<title>CENTRO REDONDO TURQUESA Y ORO H25 D22. - El Portillo Decoraci\u00f3n<\/title>\n<meta name=\"description\" content=\"Centro de mesa de resina dorado con vitrificado en azul claro. Elegante y sofisticado, ilumina y decora cualquier parte de casa a la perfecci\u00f3n.  Descubre nuestra colecci\u00f3n de centros, floreros y jarrones dise\u00f1ados de manera artesanal y pensados para hogares con gusto.  Dimensiones: H25 D22  Color: TURQUESA Y ORO  &nbsp;\" \/>\n<meta name=\"robots\" content=\"index, follow, max-snippet:-1, max-image-preview:large, max-video-preview:-1\" \/>\n<link rel=\"canonical\" href=\"https:\/\/elportillodecoracion.es\/tienda\/centro-redondo-turquesa-y-oro-h25-d22\/\" \/>\n<meta property=\"og:locale\" content=\"en_US\" \/>\n<meta property=\"og:type\" content=\"article\" \/>\n<meta property=\"og:title\" content=\"CENTRO REDONDO TURQUESA Y ORO H25 D22.\" \/>\n<meta property=\"og:description\" content=\"Centro de mesa de resina dorado con vitrificado en azul claro. Elegante y sofisticado, ilumina y decora cualquier parte de casa a la perfecci\u00f3n.  Descubre nuestra colecci\u00f3n de centros, floreros y jarrones dise\u00f1ados de manera artesanal y pensados para hogares con gusto.  Dimensiones: H25 D22  Color: TURQUESA Y ORO  &nbsp;\" \/>\n<meta property=\"og:url\" content=\"https:\/\/elportillodecoracion.es\/tienda\/centro-redondo-turquesa-y-oro-h25-d22\/\" \/>\n<meta property=\"og:site_name\" content=\"El Portillo Decoraci\u00f3n\" \/>\n<meta property=\"article:modified_time\" content=\"2021-11-23T19:18:22+00:00\" \/>\n<meta property=\"og:image\" content=\"https:\/\/elportillodecoracion.es\/wp-content\/uploads\/2018\/11\/15397-CENTRO-REDONDO-TURQUESA-Y-ORO-H25-D22..jpg\" \/>\n\t<meta property=\"og:image:width\" content=\"1280\" \/>\n\t<meta property=\"og:image:height\" content=\"1280\" \/>\n\t<meta property=\"og:image:type\" content=\"image\/jpeg\" \/>\n<meta name=\"twitter:card\" content=\"summary_large_image\" \/>\n<meta name=\"twitter:label1\" content=\"Price\" \/>\n\t<meta name=\"twitter:data1\" content=\"21,00&euro; IVA inc\" \/>\n\t<meta name=\"twitter:label2\" content=\"Availability\" \/>\n\t<meta name=\"twitter:data2\" content=\"Out of stock\" \/>\n<script type=\"application\/ld+json\" class=\"yoast-schema-graph\">{\"@context\":\"https:\/\/schema.org\",\"@graph\":[{\"@type\":\"WebPage\",\"@id\":\"https:\/\/elportillodecoracion.es\/tienda\/centro-redondo-turquesa-y-oro-h25-d22\/\",\"url\":\"https:\/\/elportillodecoracion.es\/tienda\/centro-redondo-turquesa-y-oro-h25-d22\/\",\"name\":\"CENTRO REDONDO TURQUESA Y ORO H25 D22. - El Portillo Decoraci\u00f3n\",\"isPartOf\":{\"@id\":\"https:\/\/elportillodecoracion.es\/#website\"},\"primaryImageOfPage\":{\"@id\":\"https:\/\/elportillodecoracion.es\/tienda\/centro-redondo-turquesa-y-oro-h25-d22\/#primaryimage\"},\"image\":{\"@id\":\"https:\/\/elportillodecoracion.es\/tienda\/centro-redondo-turquesa-y-oro-h25-d22\/#primaryimage\"},\"thumbnailUrl\":\"https:\/\/elportillodecoracion.es\/wp-content\/uploads\/2018\/11\/15397-CENTRO-REDONDO-TURQUESA-Y-ORO-H25-D22..jpg\",\"datePublished\":\"2021-06-06T04:21:37+00:00\",\"dateModified\":\"2021-11-23T19:18:22+00:00\",\"description\":\"Centro de mesa de resina dorado con vitrificado en azul claro. Elegante y sofisticado, ilumina y decora cualquier parte de casa a la perfecci\u00f3n. Descubre nuestra colecci\u00f3n de centros, floreros y jarrones dise\u00f1ados de manera artesanal y pensados para hogares con gusto. Dimensiones: H25 D22 Color: TURQUESA Y ORO &nbsp;\",\"breadcrumb\":{\"@id\":\"https:\/\/elportillodecoracion.es\/tienda\/centro-redondo-turquesa-y-oro-h25-d22\/#breadcrumb\"},\"inLanguage\":\"en-US\",\"potentialAction\":[{\"@type\":\"ReadAction\",\"target\":[\"https:\/\/elportillodecoracion.es\/tienda\/centro-redondo-turquesa-y-oro-h25-d22\/\"]}]},{\"@type\":\"ImageObject\",\"inLanguage\":\"en-US\",\"@id\":\"https:\/\/elportillodecoracion.es\/tienda\/centro-redondo-turquesa-y-oro-h25-d22\/#primaryimage\",\"url\":\"https:\/\/elportillodecoracion.es\/wp-content\/uploads\/2018\/11\/15397-CENTRO-REDONDO-TURQUESA-Y-ORO-H25-D22..jpg\",\"contentUrl\":\"https:\/\/elportillodecoracion.es\/wp-content\/uploads\/2018\/11\/15397-CENTRO-REDONDO-TURQUESA-Y-ORO-H25-D22..jpg\",\"width\":1280,\"height\":1280},{\"@type\":\"BreadcrumbList\",\"@id\":\"https:\/\/elportillodecoracion.es\/tienda\/centro-redondo-turquesa-y-oro-h25-d22\/#breadcrumb\",\"itemListElement\":[{\"@type\":\"ListItem\",\"position\":1,\"name\":\"Portada\",\"item\":\"https:\/\/elportillodecoracion.es\/\"},{\"@type\":\"ListItem\",\"position\":2,\"name\":\"Tienda\",\"item\":\"https:\/\/elportillodecoracion.es\/tienda\/\"},{\"@type\":\"ListItem\",\"position\":3,\"name\":\"CENTRO REDONDO TURQUESA Y ORO H25 D22.\"}]},{\"@type\":\"WebSite\",\"@id\":\"https:\/\/elportillodecoracion.es\/#website\",\"url\":\"https:\/\/elportillodecoracion.es\/\",\"name\":\"El Portillo Decoraci\u00f3n\",\"description\":\"Muebles y Decoraci\u00f3n\",\"publisher\":{\"@id\":\"https:\/\/elportillodecoracion.es\/#organization\"},\"potentialAction\":[{\"@type\":\"SearchAction\",\"target\":{\"@type\":\"EntryPoint\",\"urlTemplate\":\"https:\/\/elportillodecoracion.es\/?s={search_term_string}\"},\"query-input\":{\"@type\":\"PropertyValueSpecification\",\"valueRequired\":true,\"valueName\":\"search_term_string\"}}],\"inLanguage\":\"en-US\"},{\"@type\":\"Organization\",\"@id\":\"https:\/\/elportillodecoracion.es\/#organization\",\"name\":\"El Portillo Decoraci\u00f3n\",\"url\":\"https:\/\/elportillodecoracion.es\/\",\"logo\":{\"@type\":\"ImageObject\",\"inLanguage\":\"en-US\",\"@id\":\"https:\/\/elportillodecoracion.es\/#\/schema\/logo\/image\/\",\"url\":\"https:\/\/elportillodecoracion.es\/wp-content\/uploads\/2018\/11\/El-Portillo_logo-300.jpg\",\"contentUrl\":\"https:\/\/elportillodecoracion.es\/wp-content\/uploads\/2018\/11\/El-Portillo_logo-300.jpg\",\"width\":350,\"height\":91,\"caption\":\"El Portillo Decoraci\u00f3n\"},\"image\":{\"@id\":\"https:\/\/elportillodecoracion.es\/#\/schema\/logo\/image\/\"}}]}<\/script>\n<meta property=\"product:price:amount\" content=\"21.00\" \/>\n<meta property=\"product:price:currency\" content=\"EUR\" \/>\n<meta property=\"og:availability\" content=\"out of stock\" \/>\n<meta property=\"product:availability\" content=\"out of stock\" \/>\n<meta property=\"product:retailer_item_id\" content=\"15397\" \/>\n<meta property=\"product:condition\" content=\"new\" \/>\n<!-- \/ Yoast SEO Premium plugin. -->","yoast_head_json":{"title":"CENTRO REDONDO TURQUESA Y ORO H25 D22. - El Portillo Decoraci\u00f3n","description":"Centro de mesa de resina dorado con vitrificado en azul claro. Elegante y sofisticado, ilumina y decora cualquier parte de casa a la perfecci\u00f3n.  Descubre nuestra colecci\u00f3n de centros, floreros y jarrones dise\u00f1ados de manera artesanal y pensados para hogares con gusto.  Dimensiones: H25 D22  Color: TURQUESA Y ORO  &nbsp;","robots":{"index":"index","follow":"follow","max-snippet":"max-snippet:-1","max-image-preview":"max-image-preview:large","max-video-preview":"max-video-preview:-1"},"canonical":"https:\/\/elportillodecoracion.es\/tienda\/centro-redondo-turquesa-y-oro-h25-d22\/","og_locale":"en_US","og_type":"article","og_title":"CENTRO REDONDO TURQUESA Y ORO H25 D22.","og_description":"Centro de mesa de resina dorado con vitrificado en azul claro. Elegante y sofisticado, ilumina y decora cualquier parte de casa a la perfecci\u00f3n.  Descubre nuestra colecci\u00f3n de centros, floreros y jarrones dise\u00f1ados de manera artesanal y pensados para hogares con gusto.  Dimensiones: H25 D22  Color: TURQUESA Y ORO  &nbsp;","og_url":"https:\/\/elportillodecoracion.es\/tienda\/centro-redondo-turquesa-y-oro-h25-d22\/","og_site_name":"El Portillo Decoraci\u00f3n","article_modified_time":"2021-11-23T19:18:22+00:00","og_image":[{"width":1280,"height":1280,"url":"https:\/\/elportillodecoracion.es\/wp-content\/uploads\/2018\/11\/15397-CENTRO-REDONDO-TURQUESA-Y-ORO-H25-D22..jpg","type":"image\/jpeg"}],"twitter_card":"summary_large_image","twitter_misc":{"Price":"21,00&euro; IVA inc","Availability":"Out of stock"},"schema":{"@context":"https:\/\/schema.org","@graph":[{"@type":"WebPage","@id":"https:\/\/elportillodecoracion.es\/tienda\/centro-redondo-turquesa-y-oro-h25-d22\/","url":"https:\/\/elportillodecoracion.es\/tienda\/centro-redondo-turquesa-y-oro-h25-d22\/","name":"CENTRO REDONDO TURQUESA Y ORO H25 D22. - El Portillo Decoraci\u00f3n","isPartOf":{"@id":"https:\/\/elportillodecoracion.es\/#website"},"primaryImageOfPage":{"@id":"https:\/\/elportillodecoracion.es\/tienda\/centro-redondo-turquesa-y-oro-h25-d22\/#primaryimage"},"image":{"@id":"https:\/\/elportillodecoracion.es\/tienda\/centro-redondo-turquesa-y-oro-h25-d22\/#primaryimage"},"thumbnailUrl":"https:\/\/elportillodecoracion.es\/wp-content\/uploads\/2018\/11\/15397-CENTRO-REDONDO-TURQUESA-Y-ORO-H25-D22..jpg","datePublished":"2021-06-06T04:21:37+00:00","dateModified":"2021-11-23T19:18:22+00:00","description":"Centro de mesa de resina dorado con vitrificado en azul claro. Elegante y sofisticado, ilumina y decora cualquier parte de casa a la perfecci\u00f3n. Descubre nuestra colecci\u00f3n de centros, floreros y jarrones dise\u00f1ados de manera artesanal y pensados para hogares con gusto. Dimensiones: H25 D22 Color: TURQUESA Y ORO &nbsp;","breadcrumb":{"@id":"https:\/\/elportillodecoracion.es\/tienda\/centro-redondo-turquesa-y-oro-h25-d22\/#breadcrumb"},"inLanguage":"en-US","potentialAction":[{"@type":"ReadAction","target":["https:\/\/elportillodecoracion.es\/tienda\/centro-redondo-turquesa-y-oro-h25-d22\/"]}]},{"@type":"ImageObject","inLanguage":"en-US","@id":"https:\/\/elportillodecoracion.es\/tienda\/centro-redondo-turquesa-y-oro-h25-d22\/#primaryimage","url":"https:\/\/elportillodecoracion.es\/wp-content\/uploads\/2018\/11\/15397-CENTRO-REDONDO-TURQUESA-Y-ORO-H25-D22..jpg","contentUrl":"https:\/\/elportillodecoracion.es\/wp-content\/uploads\/2018\/11\/15397-CENTRO-REDONDO-TURQUESA-Y-ORO-H25-D22..jpg","width":1280,"height":1280},{"@type":"BreadcrumbList","@id":"https:\/\/elportillodecoracion.es\/tienda\/centro-redondo-turquesa-y-oro-h25-d22\/#breadcrumb","itemListElement":[{"@type":"ListItem","position":1,"name":"Portada","item":"https:\/\/elportillodecoracion.es\/"},{"@type":"ListItem","position":2,"name":"Tienda","item":"https:\/\/elportillodecoracion.es\/tienda\/"},{"@type":"ListItem","position":3,"name":"CENTRO REDONDO TURQUESA Y ORO H25 D22."}]},{"@type":"WebSite","@id":"https:\/\/elportillodecoracion.es\/#website","url":"https:\/\/elportillodecoracion.es\/","name":"El Portillo Decoraci\u00f3n","description":"Muebles y Decoraci\u00f3n","publisher":{"@id":"https:\/\/elportillodecoracion.es\/#organization"},"potentialAction":[{"@type":"SearchAction","target":{"@type":"EntryPoint","urlTemplate":"https:\/\/elportillodecoracion.es\/?s={search_term_string}"},"query-input":{"@type":"PropertyValueSpecification","valueRequired":true,"valueName":"search_term_string"}}],"inLanguage":"en-US"},{"@type":"Organization","@id":"https:\/\/elportillodecoracion.es\/#organization","name":"El Portillo Decoraci\u00f3n","url":"https:\/\/elportillodecoracion.es\/","logo":{"@type":"ImageObject","inLanguage":"en-US","@id":"https:\/\/elportillodecoracion.es\/#\/schema\/logo\/image\/","url":"https:\/\/elportillodecoracion.es\/wp-content\/uploads\/2018\/11\/El-Portillo_logo-300.jpg","contentUrl":"https:\/\/elportillodecoracion.es\/wp-content\/uploads\/2018\/11\/El-Portillo_logo-300.jpg","width":350,"height":91,"caption":"El Portillo Decoraci\u00f3n"},"image":{"@id":"https:\/\/elportillodecoracion.es\/#\/schema\/logo\/image\/"}}]},"product_price_amount":"21.00","product_price_currency":"EUR","og_availability":"out of stock","product_availability":"out of stock","product_retailer_item_id":"15397","product_condition":"new"},"_links":{"self":[{"href":"https:\/\/elportillodecoracion.es\/en\/wp-json\/wp\/v2\/product\/14212","targetHints":{"allow":["GET"]}}],"collection":[{"href":"https:\/\/elportillodecoracion.es\/en\/wp-json\/wp\/v2\/product"}],"about":[{"href":"https:\/\/elportillodecoracion.es\/en\/wp-json\/wp\/v2\/types\/product"}],"replies":[{"embeddable":true,"href":"https:\/\/elportillodecoracion.es\/en\/wp-json\/wp\/v2\/comments?post=14212"}],"wp:featuredmedia":[{"embeddable":true,"href":"https:\/\/elportillodecoracion.es\/en\/wp-json\/wp\/v2\/media\/14300"}],"wp:attachment":[{"href":"https:\/\/elportillodecoracion.es\/en\/wp-json\/wp\/v2\/media?parent=14212"}],"wp:term":[{"taxonomy":"product_cat","embeddable":true,"href":"https:\/\/elportillodecoracion.es\/en\/wp-json\/wp\/v2\/product_cat?post=14212"},{"taxonomy":"product_tag","embeddable":true,"href":"https:\/\/elportillodecoracion.es\/en\/wp-json\/wp\/v2\/product_tag?post=14212"}],"curies":[{"name":"wp","href":"https:\/\/api.w.org\/{rel}","templated":true}]}}