{"id":12881,"date":"2021-03-19T20:51:22","date_gmt":"2021-03-19T19:51:22","guid":{"rendered":"https:\/\/elportillodecoracion.es\/?post_type=product&#038;p=12881"},"modified":"2025-09-19T19:42:22","modified_gmt":"2025-09-19T17:42:22","slug":"600946-cojin-estampado-verde-60-x-60-cm","status":"publish","type":"product","link":"https:\/\/elportillodecoracion.es\/en\/tienda\/600946-cojin-estampado-verde-60-x-60-cm\/","title":{"rendered":"COJ\u00cdN ESTAMPADO VERDE 60 X 60 CM."},"content":{"rendered":"","protected":false},"excerpt":{"rendered":"<p>COJ\u00cdN 71% ALGOD\u00d3N &#8211; 29% POLI\u00c9STER ***42% PROCEDE DE FIBRAS RECICLADAS***<\/p>\n<p>GRAMAJE: 165 GR.\/M2<\/p>\n<p>RELLENO: POLI\u00c9STER 500GR.<\/p>\n<p>ENVASADO AL VAC\u00cdO.<\/p>\n<p>INSTRUCCIONES DE LAVADO: &#8211; LAVAR A MANO M\u00c1XIMO A 30\u00baC. &#8211; NO USAR LEJ\u00cdA &#8211; NO METER EN LA SECADORA &#8211; NO PLANCHAR &#8211; NO LIMPIAR EN SECO<\/p>\n<p>&nbsp;<\/p>\n<p>&nbsp;<\/p>\n<p>&nbsp;<\/p>\n<p>&nbsp;<\/p>\n<p>&nbsp;<\/p>\n<p>&nbsp;<\/p>\n","protected":false},"featured_media":12882,"comment_status":"open","ping_status":"closed","template":"","meta":{"_joinchat":[]},"product_cat":[740,738],"product_tag":[916],"class_list":{"0":"post-12881","1":"product","2":"type-product","3":"status-publish","4":"has-post-thumbnail","6":"product_cat-cushions","7":"product_cat-textile","8":"product_tag-algodon-poliester","10":"first","11":"outofstock","12":"taxable","13":"shipping-taxable","14":"purchasable","15":"product-type-simple"},"yoast_head":"<!-- This site is optimized with the Yoast SEO Premium plugin v23.0 (Yoast SEO v25.6) - https:\/\/yoast.com\/wordpress\/plugins\/seo\/ -->\n<title>COJ\u00cdN ESTAMPADO VERDE 60 X 60 CM. - El Portillo Decoraci\u00f3n<\/title>\n<meta name=\"description\" content=\"COJ\u00cdN 71% ALGOD\u00d3N - 29% POLI\u00c9STER ***42% PROCEDE DE FIBRAS RECICLADAS***  GRAMAJE: 165 GR.\/M2  RELLENO: POLI\u00c9STER 500GR.  ENVASADO AL VAC\u00cdO.  INSTRUCCIONES DE LAVADO: - LAVAR A MANO M\u00c1XIMO A 30\u00baC. - NO USAR LEJ\u00cdA - NO METER EN LA SECADORA - NO PLANCHAR - NO LIMPIAR EN SECO  &nbsp;  &nbsp;  &nbsp;  &nbsp;  &nbsp;  &nbsp;\" \/>\n<meta name=\"robots\" content=\"index, follow, max-snippet:-1, max-image-preview:large, max-video-preview:-1\" \/>\n<link rel=\"canonical\" href=\"https:\/\/elportillodecoracion.es\/tienda\/600946-cojin-estampado-verde-60-x-60-cm\/\" \/>\n<meta property=\"og:locale\" content=\"en_US\" \/>\n<meta property=\"og:type\" content=\"article\" \/>\n<meta property=\"og:title\" content=\"COJ\u00cdN ESTAMPADO VERDE 60 X 60 CM.\" \/>\n<meta property=\"og:description\" content=\"COJ\u00cdN 71% ALGOD\u00d3N - 29% POLI\u00c9STER ***42% PROCEDE DE FIBRAS RECICLADAS***  GRAMAJE: 165 GR.\/M2  RELLENO: POLI\u00c9STER 500GR.  ENVASADO AL VAC\u00cdO.  INSTRUCCIONES DE LAVADO: - LAVAR A MANO M\u00c1XIMO A 30\u00baC. - NO USAR LEJ\u00cdA - NO METER EN LA SECADORA - NO PLANCHAR - NO LIMPIAR EN SECO  &nbsp;  &nbsp;  &nbsp;  &nbsp;  &nbsp;  &nbsp;\" \/>\n<meta property=\"og:url\" content=\"https:\/\/elportillodecoracion.es\/tienda\/600946-cojin-estampado-verde-60-x-60-cm\/\" \/>\n<meta property=\"og:site_name\" content=\"El Portillo Decoraci\u00f3n\" \/>\n<meta property=\"article:modified_time\" content=\"2025-09-19T17:42:22+00:00\" \/>\n<meta property=\"og:image\" content=\"https:\/\/elportillodecoracion.es\/wp-content\/uploads\/2021\/03\/600946-COJIN-ESTAMPADO-VERDE-60-X-60-CM..jpg\" \/>\n\t<meta property=\"og:image:width\" content=\"700\" \/>\n\t<meta property=\"og:image:height\" content=\"700\" \/>\n\t<meta property=\"og:image:type\" content=\"image\/jpeg\" \/>\n<meta name=\"twitter:card\" content=\"summary_large_image\" \/>\n<meta name=\"twitter:label1\" content=\"Price\" \/>\n\t<meta name=\"twitter:data1\" content=\"34,90&euro; IVA inc\" \/>\n\t<meta name=\"twitter:label2\" content=\"Availability\" \/>\n\t<meta name=\"twitter:data2\" content=\"Out of stock\" \/>\n<script type=\"application\/ld+json\" class=\"yoast-schema-graph\">{\"@context\":\"https:\/\/schema.org\",\"@graph\":[{\"@type\":\"WebPage\",\"@id\":\"https:\/\/elportillodecoracion.es\/tienda\/600946-cojin-estampado-verde-60-x-60-cm\/\",\"url\":\"https:\/\/elportillodecoracion.es\/tienda\/600946-cojin-estampado-verde-60-x-60-cm\/\",\"name\":\"COJ\u00cdN ESTAMPADO VERDE 60 X 60 CM. - El Portillo Decoraci\u00f3n\",\"isPartOf\":{\"@id\":\"https:\/\/elportillodecoracion.es\/#website\"},\"primaryImageOfPage\":{\"@id\":\"https:\/\/elportillodecoracion.es\/tienda\/600946-cojin-estampado-verde-60-x-60-cm\/#primaryimage\"},\"image\":{\"@id\":\"https:\/\/elportillodecoracion.es\/tienda\/600946-cojin-estampado-verde-60-x-60-cm\/#primaryimage\"},\"thumbnailUrl\":\"https:\/\/elportillodecoracion.es\/wp-content\/uploads\/2021\/03\/600946-COJIN-ESTAMPADO-VERDE-60-X-60-CM..jpg\",\"datePublished\":\"2021-03-19T19:51:22+00:00\",\"dateModified\":\"2025-09-19T17:42:22+00:00\",\"description\":\"COJ\u00cdN 71% ALGOD\u00d3N - 29% POLI\u00c9STER ***42% PROCEDE DE FIBRAS RECICLADAS*** GRAMAJE: 165 GR.\/M2 RELLENO: POLI\u00c9STER 500GR. ENVASADO AL VAC\u00cdO. INSTRUCCIONES DE LAVADO: - LAVAR A MANO M\u00c1XIMO A 30\u00baC. - NO USAR LEJ\u00cdA - NO METER EN LA SECADORA - NO PLANCHAR - NO LIMPIAR EN SECO &nbsp; &nbsp; &nbsp; &nbsp; &nbsp; &nbsp;\",\"breadcrumb\":{\"@id\":\"https:\/\/elportillodecoracion.es\/tienda\/600946-cojin-estampado-verde-60-x-60-cm\/#breadcrumb\"},\"inLanguage\":\"en-US\",\"potentialAction\":[{\"@type\":\"ReadAction\",\"target\":[\"https:\/\/elportillodecoracion.es\/tienda\/600946-cojin-estampado-verde-60-x-60-cm\/\"]}]},{\"@type\":\"ImageObject\",\"inLanguage\":\"en-US\",\"@id\":\"https:\/\/elportillodecoracion.es\/tienda\/600946-cojin-estampado-verde-60-x-60-cm\/#primaryimage\",\"url\":\"https:\/\/elportillodecoracion.es\/wp-content\/uploads\/2021\/03\/600946-COJIN-ESTAMPADO-VERDE-60-X-60-CM..jpg\",\"contentUrl\":\"https:\/\/elportillodecoracion.es\/wp-content\/uploads\/2021\/03\/600946-COJIN-ESTAMPADO-VERDE-60-X-60-CM..jpg\",\"width\":700,\"height\":700},{\"@type\":\"BreadcrumbList\",\"@id\":\"https:\/\/elportillodecoracion.es\/tienda\/600946-cojin-estampado-verde-60-x-60-cm\/#breadcrumb\",\"itemListElement\":[{\"@type\":\"ListItem\",\"position\":1,\"name\":\"Portada\",\"item\":\"https:\/\/elportillodecoracion.es\/\"},{\"@type\":\"ListItem\",\"position\":2,\"name\":\"Tienda\",\"item\":\"https:\/\/elportillodecoracion.es\/tienda\/\"},{\"@type\":\"ListItem\",\"position\":3,\"name\":\"COJ\u00cdN ESTAMPADO VERDE 60 X 60 CM.\"}]},{\"@type\":\"WebSite\",\"@id\":\"https:\/\/elportillodecoracion.es\/#website\",\"url\":\"https:\/\/elportillodecoracion.es\/\",\"name\":\"El Portillo Decoraci\u00f3n\",\"description\":\"Muebles y Decoraci\u00f3n\",\"publisher\":{\"@id\":\"https:\/\/elportillodecoracion.es\/#organization\"},\"potentialAction\":[{\"@type\":\"SearchAction\",\"target\":{\"@type\":\"EntryPoint\",\"urlTemplate\":\"https:\/\/elportillodecoracion.es\/?s={search_term_string}\"},\"query-input\":{\"@type\":\"PropertyValueSpecification\",\"valueRequired\":true,\"valueName\":\"search_term_string\"}}],\"inLanguage\":\"en-US\"},{\"@type\":\"Organization\",\"@id\":\"https:\/\/elportillodecoracion.es\/#organization\",\"name\":\"El Portillo Decoraci\u00f3n\",\"url\":\"https:\/\/elportillodecoracion.es\/\",\"logo\":{\"@type\":\"ImageObject\",\"inLanguage\":\"en-US\",\"@id\":\"https:\/\/elportillodecoracion.es\/#\/schema\/logo\/image\/\",\"url\":\"https:\/\/elportillodecoracion.es\/wp-content\/uploads\/2018\/11\/El-Portillo_logo-300.jpg\",\"contentUrl\":\"https:\/\/elportillodecoracion.es\/wp-content\/uploads\/2018\/11\/El-Portillo_logo-300.jpg\",\"width\":350,\"height\":91,\"caption\":\"El Portillo Decoraci\u00f3n\"},\"image\":{\"@id\":\"https:\/\/elportillodecoracion.es\/#\/schema\/logo\/image\/\"}}]}<\/script>\n<meta property=\"product:price:amount\" content=\"34.90\" \/>\n<meta property=\"product:price:currency\" content=\"EUR\" \/>\n<meta property=\"og:availability\" content=\"out of stock\" \/>\n<meta property=\"product:availability\" content=\"out of stock\" \/>\n<meta property=\"product:retailer_item_id\" content=\"600945\" \/>\n<meta property=\"product:condition\" content=\"new\" \/>\n<!-- \/ Yoast SEO Premium plugin. -->","yoast_head_json":{"title":"COJ\u00cdN ESTAMPADO VERDE 60 X 60 CM. - El Portillo Decoraci\u00f3n","description":"COJ\u00cdN 71% ALGOD\u00d3N - 29% POLI\u00c9STER ***42% PROCEDE DE FIBRAS RECICLADAS***  GRAMAJE: 165 GR.\/M2  RELLENO: POLI\u00c9STER 500GR.  ENVASADO AL VAC\u00cdO.  INSTRUCCIONES DE LAVADO: - LAVAR A MANO M\u00c1XIMO A 30\u00baC. - NO USAR LEJ\u00cdA - NO METER EN LA SECADORA - NO PLANCHAR - NO LIMPIAR EN SECO  &nbsp;  &nbsp;  &nbsp;  &nbsp;  &nbsp;  &nbsp;","robots":{"index":"index","follow":"follow","max-snippet":"max-snippet:-1","max-image-preview":"max-image-preview:large","max-video-preview":"max-video-preview:-1"},"canonical":"https:\/\/elportillodecoracion.es\/tienda\/600946-cojin-estampado-verde-60-x-60-cm\/","og_locale":"en_US","og_type":"article","og_title":"COJ\u00cdN ESTAMPADO VERDE 60 X 60 CM.","og_description":"COJ\u00cdN 71% ALGOD\u00d3N - 29% POLI\u00c9STER ***42% PROCEDE DE FIBRAS RECICLADAS***  GRAMAJE: 165 GR.\/M2  RELLENO: POLI\u00c9STER 500GR.  ENVASADO AL VAC\u00cdO.  INSTRUCCIONES DE LAVADO: - LAVAR A MANO M\u00c1XIMO A 30\u00baC. - NO USAR LEJ\u00cdA - NO METER EN LA SECADORA - NO PLANCHAR - NO LIMPIAR EN SECO  &nbsp;  &nbsp;  &nbsp;  &nbsp;  &nbsp;  &nbsp;","og_url":"https:\/\/elportillodecoracion.es\/tienda\/600946-cojin-estampado-verde-60-x-60-cm\/","og_site_name":"El Portillo Decoraci\u00f3n","article_modified_time":"2025-09-19T17:42:22+00:00","og_image":[{"width":700,"height":700,"url":"https:\/\/elportillodecoracion.es\/wp-content\/uploads\/2021\/03\/600946-COJIN-ESTAMPADO-VERDE-60-X-60-CM..jpg","type":"image\/jpeg"}],"twitter_card":"summary_large_image","twitter_misc":{"Price":"34,90&euro; IVA inc","Availability":"Out of stock"},"schema":{"@context":"https:\/\/schema.org","@graph":[{"@type":"WebPage","@id":"https:\/\/elportillodecoracion.es\/tienda\/600946-cojin-estampado-verde-60-x-60-cm\/","url":"https:\/\/elportillodecoracion.es\/tienda\/600946-cojin-estampado-verde-60-x-60-cm\/","name":"COJ\u00cdN ESTAMPADO VERDE 60 X 60 CM. - El Portillo Decoraci\u00f3n","isPartOf":{"@id":"https:\/\/elportillodecoracion.es\/#website"},"primaryImageOfPage":{"@id":"https:\/\/elportillodecoracion.es\/tienda\/600946-cojin-estampado-verde-60-x-60-cm\/#primaryimage"},"image":{"@id":"https:\/\/elportillodecoracion.es\/tienda\/600946-cojin-estampado-verde-60-x-60-cm\/#primaryimage"},"thumbnailUrl":"https:\/\/elportillodecoracion.es\/wp-content\/uploads\/2021\/03\/600946-COJIN-ESTAMPADO-VERDE-60-X-60-CM..jpg","datePublished":"2021-03-19T19:51:22+00:00","dateModified":"2025-09-19T17:42:22+00:00","description":"COJ\u00cdN 71% ALGOD\u00d3N - 29% POLI\u00c9STER ***42% PROCEDE DE FIBRAS RECICLADAS*** GRAMAJE: 165 GR.\/M2 RELLENO: POLI\u00c9STER 500GR. ENVASADO AL VAC\u00cdO. INSTRUCCIONES DE LAVADO: - LAVAR A MANO M\u00c1XIMO A 30\u00baC. - NO USAR LEJ\u00cdA - NO METER EN LA SECADORA - NO PLANCHAR - NO LIMPIAR EN SECO &nbsp; &nbsp; &nbsp; &nbsp; &nbsp; &nbsp;","breadcrumb":{"@id":"https:\/\/elportillodecoracion.es\/tienda\/600946-cojin-estampado-verde-60-x-60-cm\/#breadcrumb"},"inLanguage":"en-US","potentialAction":[{"@type":"ReadAction","target":["https:\/\/elportillodecoracion.es\/tienda\/600946-cojin-estampado-verde-60-x-60-cm\/"]}]},{"@type":"ImageObject","inLanguage":"en-US","@id":"https:\/\/elportillodecoracion.es\/tienda\/600946-cojin-estampado-verde-60-x-60-cm\/#primaryimage","url":"https:\/\/elportillodecoracion.es\/wp-content\/uploads\/2021\/03\/600946-COJIN-ESTAMPADO-VERDE-60-X-60-CM..jpg","contentUrl":"https:\/\/elportillodecoracion.es\/wp-content\/uploads\/2021\/03\/600946-COJIN-ESTAMPADO-VERDE-60-X-60-CM..jpg","width":700,"height":700},{"@type":"BreadcrumbList","@id":"https:\/\/elportillodecoracion.es\/tienda\/600946-cojin-estampado-verde-60-x-60-cm\/#breadcrumb","itemListElement":[{"@type":"ListItem","position":1,"name":"Portada","item":"https:\/\/elportillodecoracion.es\/"},{"@type":"ListItem","position":2,"name":"Tienda","item":"https:\/\/elportillodecoracion.es\/tienda\/"},{"@type":"ListItem","position":3,"name":"COJ\u00cdN ESTAMPADO VERDE 60 X 60 CM."}]},{"@type":"WebSite","@id":"https:\/\/elportillodecoracion.es\/#website","url":"https:\/\/elportillodecoracion.es\/","name":"El Portillo Decoraci\u00f3n","description":"Muebles y Decoraci\u00f3n","publisher":{"@id":"https:\/\/elportillodecoracion.es\/#organization"},"potentialAction":[{"@type":"SearchAction","target":{"@type":"EntryPoint","urlTemplate":"https:\/\/elportillodecoracion.es\/?s={search_term_string}"},"query-input":{"@type":"PropertyValueSpecification","valueRequired":true,"valueName":"search_term_string"}}],"inLanguage":"en-US"},{"@type":"Organization","@id":"https:\/\/elportillodecoracion.es\/#organization","name":"El Portillo Decoraci\u00f3n","url":"https:\/\/elportillodecoracion.es\/","logo":{"@type":"ImageObject","inLanguage":"en-US","@id":"https:\/\/elportillodecoracion.es\/#\/schema\/logo\/image\/","url":"https:\/\/elportillodecoracion.es\/wp-content\/uploads\/2018\/11\/El-Portillo_logo-300.jpg","contentUrl":"https:\/\/elportillodecoracion.es\/wp-content\/uploads\/2018\/11\/El-Portillo_logo-300.jpg","width":350,"height":91,"caption":"El Portillo Decoraci\u00f3n"},"image":{"@id":"https:\/\/elportillodecoracion.es\/#\/schema\/logo\/image\/"}}]},"product_price_amount":"34.90","product_price_currency":"EUR","og_availability":"out of stock","product_availability":"out of stock","product_retailer_item_id":"600945","product_condition":"new"},"_links":{"self":[{"href":"https:\/\/elportillodecoracion.es\/en\/wp-json\/wp\/v2\/product\/12881","targetHints":{"allow":["GET"]}}],"collection":[{"href":"https:\/\/elportillodecoracion.es\/en\/wp-json\/wp\/v2\/product"}],"about":[{"href":"https:\/\/elportillodecoracion.es\/en\/wp-json\/wp\/v2\/types\/product"}],"replies":[{"embeddable":true,"href":"https:\/\/elportillodecoracion.es\/en\/wp-json\/wp\/v2\/comments?post=12881"}],"wp:featuredmedia":[{"embeddable":true,"href":"https:\/\/elportillodecoracion.es\/en\/wp-json\/wp\/v2\/media\/12882"}],"wp:attachment":[{"href":"https:\/\/elportillodecoracion.es\/en\/wp-json\/wp\/v2\/media?parent=12881"}],"wp:term":[{"taxonomy":"product_cat","embeddable":true,"href":"https:\/\/elportillodecoracion.es\/en\/wp-json\/wp\/v2\/product_cat?post=12881"},{"taxonomy":"product_tag","embeddable":true,"href":"https:\/\/elportillodecoracion.es\/en\/wp-json\/wp\/v2\/product_tag?post=12881"}],"curies":[{"name":"wp","href":"https:\/\/api.w.org\/{rel}","templated":true}]}}